{"id":720,"date":"2014-03-25T17:39:11","date_gmt":"2014-03-25T17:39:11","guid":{"rendered":"https:\/\/www.sigre.es\/boletin\/sigre-informa-47\/opinion\/"},"modified":"2014-03-28T11:53:13","modified_gmt":"2014-03-28T11:53:13","slug":"opinion","status":"publish","type":"page","link":"https:\/\/www.sigre.es\/boletin\/sigre-informa-47\/opinion\/","title":{"rendered":"OPINI\u00d3N"},"content":{"rendered":"<div id=\"fb-root\"><\/div>\n<p><span style=\"line-height: 1.5em;\">Para analizar la imagen y el conocimiento que los profesionales de la informaci\u00f3n tienen de SIGRE, la entidad llev\u00f3 a cabo durante el pasado mes de diciembre una auditor\u00eda de imagen, mediante un sondeo a periodistas que desarrollan su labor en diferentes medios de comunicaci\u00f3n, tanto generalistas como especializados en los \u00e1mbitos sanitario y medioambiental.<\/span><\/p>\n<p>Entre las principales conclusiones extra\u00eddas de esta auditor\u00eda de imagen, la tercera que se realiza, destaca que SIGRE se sit\u00faa en el grupo de Sistemas Integrados de Gesti\u00f3n (SIG) m\u00e1s conocidos por parte de los periodistas, ya que el 92% afirma conocer su actividad.<\/p>\n<p>Los profesionales de la informaci\u00f3n tambi\u00e9n coinciden en se\u00f1alar a SIGRE como uno de los SIGs m\u00e1s populares entre los ciudadanos.<\/p>\n<p><span style=\"color: #808080; width: 50%; display: block; margin: 0 auto;\"><em>Los profesionales de la comunicaci\u00f3n estiman que el 85% de los hogares espa\u00f1oles conoce la existencia de los Puntos SIGRE<\/em><\/span><\/p>\n<p style=\"text-align: center;\"><a href=\"https:\/\/www.sigre.es\/boletin\/wp-content\/uploads\/2014\/03\/puntos_sigre.png\"><a href=\"https:\/\/www.sigre.es\/boletin\/wp-content\/uploads\/2014\/03\/puntos-sigre.png\"><img loading=\"lazy\" decoding=\"async\" class=\"aligncenter  wp-image-932\" alt=\"puntos-sigre\" src=\"https:\/\/www.sigre.es\/boletin\/wp-content\/uploads\/2014\/03\/puntos-sigre.png\" width=\"500\" height=\"300\" srcset=\"https:\/\/www.sigre.es\/boletin\/wp-content\/uploads\/2014\/03\/puntos-sigre.png 1000w, https:\/\/www.sigre.es\/boletin\/wp-content\/uploads\/2014\/03\/puntos-sigre-300x180.png 300w\" sizes=\"auto, (max-width: 500px) 100vw, 500px\" \/><\/a><\/a><\/p>\n<p>Por otra parte, en el \u00e1mbito de la comunicaci\u00f3n, los periodistas incluyen a SIGRE en el grupo de los que mejor y m\u00e1s regularmente les mantienen informados.<\/p>\n<p>Por \u00faltimo, desde el punto de vista de la eficacia en la gesti\u00f3n y la consecuci\u00f3n de objetivos para los que se pusieron en marcha los Sistemas Integrados de Gesti\u00f3n, SIGRE se sit\u00faa en el reducido grupo de SIGs, compuesto \u00fanicamente por Ecovidrio, SIGRE y Ecoembes, que obtienen, en este orden, la aprobaci\u00f3n de los periodistas.<\/p>\n<p>Estos resultados ponen de manifiesto la positiva imagen que los profesionales de la informaci\u00f3n \u00a0tienen de SIGRE, as\u00ed como el reconocimiento que hacen de su compromiso con la transparencia informativa y con el cumplimiento de sus objetivos medioambientales y sanitarios.<\/p>\n<p><em><span style=\"color: #808080; width: 50%; display: block; margin: 0 auto;\">Seg\u00fan los profesionales de la comunicaci\u00f3n, Espa\u00f1a se encuentra en la media europea en materia de recogida, gesti\u00f3n medioambiental y reciclado de envases y residuos en general.<\/span><\/em><\/p>\n<p style=\"text-align: center;\"><a href=\"https:\/\/www.sigre.es\/boletin\/wp-content\/uploads\/2014\/03\/materia_recogida.png\"><img loading=\"lazy\" decoding=\"async\" class=\"aligncenter  wp-image-788\" style=\"border: 0px none;\" alt=\"materia_recogida\" src=\"https:\/\/www.sigre.es\/boletin\/wp-content\/uploads\/2014\/03\/materia_recogida.png\" width=\"420\" height=\"252\" srcset=\"https:\/\/www.sigre.es\/boletin\/wp-content\/uploads\/2014\/03\/materia_recogida.png 1000w, https:\/\/www.sigre.es\/boletin\/wp-content\/uploads\/2014\/03\/materia_recogida-300x180.png 300w\" sizes=\"auto, (max-width: 420px) 100vw, 420px\" \/><\/a><\/p>\n","protected":false},"excerpt":{"rendered":"<p>Para analizar la imagen y el conocimiento que los profesionales de la informaci\u00f3n tienen de SIGRE, la entidad llev\u00f3 a cabo durante el pasado mes de diciembre una auditor\u00eda de imagen, mediante un sondeo a periodistas que desarrollan su labor en diferentes medios de comunicaci\u00f3n, tanto generalistas como especializados en los \u00e1mbitos sanitario y medioambiental. [&hellip;]<\/p>\n","protected":false},"author":7,"featured_media":0,"parent":696,"menu_order":416,"comment_status":"open","ping_status":"open","template":"articulo1.php","meta":{"footnotes":""},"class_list":["post-720","page","type-page","status-publish","hentry"],"_links":{"self":[{"href":"https:\/\/www.sigre.es\/boletin\/wp-json\/wp\/v2\/pages\/720","targetHints":{"allow":["GET"]}}],"collection":[{"href":"https:\/\/www.sigre.es\/boletin\/wp-json\/wp\/v2\/pages"}],"about":[{"href":"https:\/\/www.sigre.es\/boletin\/wp-json\/wp\/v2\/types\/page"}],"author":[{"embeddable":true,"href":"https:\/\/www.sigre.es\/boletin\/wp-json\/wp\/v2\/users\/7"}],"replies":[{"embeddable":true,"href":"https:\/\/www.sigre.es\/boletin\/wp-json\/wp\/v2\/comments?post=720"}],"version-history":[{"count":0,"href":"https:\/\/www.sigre.es\/boletin\/wp-json\/wp\/v2\/pages\/720\/revisions"}],"up":[{"embeddable":true,"href":"https:\/\/www.sigre.es\/boletin\/wp-json\/wp\/v2\/pages\/696"}],"wp:attachment":[{"href":"https:\/\/www.sigre.es\/boletin\/wp-json\/wp\/v2\/media?parent=720"}],"curies":[{"name":"wp","href":"https:\/\/api.w.org\/{rel}","templated":true}]}}