{"id":3099,"date":"2016-11-22T17:02:16","date_gmt":"2016-11-22T16:02:16","guid":{"rendered":"https:\/\/www.sigre.es\/boletin\/?page_id=3099"},"modified":"2016-11-24T16:21:23","modified_gmt":"2016-11-24T15:21:23","slug":"premios","status":"publish","type":"page","link":"https:\/\/www.sigre.es\/boletin\/sigre-informa-especial-15-aniversario\/premios\/","title":{"rendered":"PREMIOS"},"content":{"rendered":"<div id=\"fb-root\"><\/div>\n<p style=\"text-align: center;\"><a href=\"https:\/\/www.sigre.es\/boletin\/wp-content\/uploads\/2016\/11\/premios1.jpg\"><img loading=\"lazy\" decoding=\"async\" class=\"alignnone wp-image-3100\" src=\"https:\/\/www.sigre.es\/boletin\/wp-content\/uploads\/2016\/11\/premios1.jpg\" alt=\"15\u00ba Aniversario de los Puntos SIGRE. Ministerio de Medio Ambiente. Foto: D. Sinova\" width=\"400\" height=\"266\" srcset=\"https:\/\/www.sigre.es\/boletin\/wp-content\/uploads\/2016\/11\/premios1.jpg 650w, https:\/\/www.sigre.es\/boletin\/wp-content\/uploads\/2016\/11\/premios1-300x200.jpg 300w\" sizes=\"auto, (max-width: 400px) 100vw, 400px\" \/><\/a><\/p>\n<p class=\"p1\" style=\"text-align: center;\"><span class=\"s1\" style=\"color: #808080; font-size: 12px;\">Los galardones se entregaron a los agentes del sector durante el acto conmemorativo del 15\u00ba Aniversario de SIGRE.<\/span><\/p>\n<p class=\"p3\"><span class=\"s1\"><b>II Edici\u00f3n de los Premios Medicamento y Medio Ambiente<\/b><\/span><\/p>\n<p class=\"p4\"><span class=\"s1\">SIGRE ha hecho entrega de los galardones de la II edici\u00f3n de los Premios Medicamento y Medio Ambiente, convocados para poner en valor el trabajo y las iniciativas de la industria farmac\u00e9utica, la distribuci\u00f3n, las oficinas de farmacia y las instituciones del sector en la protecci\u00f3n y cuidado del medio ambiente.<\/span><\/p>\n<p class=\"p4\"><span class=\"s1\">El Jurado Oficial de estos premios ha estado formado por:<\/span><\/p>\n<table class=\" alignleft\" style=\"height: 303px;\" width=\"1198\" cellpadding=\"0,5px\">\n<tbody>\n<tr>\n<td><span style=\"color: #339966;\"><strong>C\u00e9sar Nombela<\/strong><\/span><\/td>\n<td><em>Presidente del Jurado y Rector de la Universidad Internacional Men\u00e9ndez Pelayo (UIMP)<\/em><\/td>\n<\/tr>\n<tr>\n<td><span style=\"color: #339966;\"><strong>Jos\u00e9 Javier Castrodeza<\/strong><\/span><\/td>\n<td><em>Secretario General de Sanidad y Consumo<\/em><\/td>\n<\/tr>\n<tr>\n<td><strong><span style=\"color: #339966;\">Humberto Arn\u00e9s<\/span><\/strong><\/td>\n<td><em>Presidente de SIGRE<\/em><\/td>\n<\/tr>\n<tr>\n<td><strong><span style=\"color: #339966;\">Jes\u00fas Aguilar<\/span><\/strong><\/td>\n<td><em>Presidente del Consejo General de COF<\/em><\/td>\n<\/tr>\n<tr>\n<td><strong><span style=\"color: #339966;\">Eladio Gonz\u00e1lez<\/span><\/strong><\/td>\n<td><em>Presidente de FEDIFAR<\/em><\/td>\n<\/tr>\n<tr>\n<td><strong><span style=\"color: #339966;\">Gonzalo Echag\u00fce<\/span><\/strong><\/td>\n<td><em>Presidente de la Fundaci\u00f3n CONAMA<\/em><\/td>\n<\/tr>\n<tr>\n<td><strong><span style=\"color: #339966;\">Tom\u00e1s Castillo<\/span><\/strong><\/td>\n<td><em>Presidente de la Plataforma de Organizaciones de Pacientes<\/em><\/td>\n<\/tr>\n<tr>\n<td><span style=\"color: #339966;\"><strong>Clara Nav\u00edo<\/strong><\/span><\/td>\n<td><em>Presidenta de la Asociaci\u00f3n de Periodistas de Informaci\u00f3n Ambiental APIA<\/em><\/td>\n<\/tr>\n<tr>\n<td><span style=\"color: #339966;\"><strong>Arturo Larena<\/strong><\/span><\/td>\n<td><em>Director de EFEverde<\/em><\/td>\n<\/tr>\n<tr>\n<td><span style=\"color: #339966;\"><strong>Juan Carlos Mampaso<\/strong><\/span><\/td>\n<td><em>Director General de SIGRE<\/em><\/td>\n<\/tr>\n<\/tbody>\n<\/table>\n<p class=\"p5\"><span class=\"s1\">\u00a0<\/span><span class=\"s1\">La alta participaci\u00f3n registrada en esta convocatoria y la calidad de las candidaturas recibidas muestran el firme compromiso y la decidida apuesta del sector farmac\u00e9utico por el cuidado del medio ambiente.<\/span><\/p>\n<p class=\"p4\"><span class=\"s1\">Los premiados en las distintas categor\u00edas de esta II Edici\u00f3n de los Premios SIGRE Medicamento y<span class=\"Apple-converted-space\">\u00a0 <\/span>Medio Ambiente han sido:<\/span><\/p>\n<p class=\"p4\"><span class=\"s1\"><b>Premios a la industria farmac\u00e9utica<\/b><\/span><\/p>\n<ul>\n<li class=\"li8\"><span class=\"s1\"><b><i> \u201cIdea m\u00e1s innovadora en la prevenci\u00f3n de envases\u201d:<\/i> Laboratorio REIG JOFRE,<\/b> por el<span class=\"Apple-converted-space\">\u00a0 <\/span>cambio de materias primas del material de acondicionamiento efectuado en 13 de sus presentaciones farmac\u00e9uticas, reduciendo el peso de los envases y, por tanto, el residuo generado.<\/span><\/li>\n<\/ul>\n<p style=\"text-align: center;\"><a href=\"https:\/\/www.sigre.es\/boletin\/wp-content\/uploads\/2016\/11\/premios2.jpg\"><img loading=\"lazy\" decoding=\"async\" class=\"alignnone wp-image-3103\" src=\"https:\/\/www.sigre.es\/boletin\/wp-content\/uploads\/2016\/11\/premios2.jpg\" alt=\"15\u00ba Aniversario de los Puntos SIGRE. Ministerio de Medio Ambiente. Foto: D. Sinova\" width=\"400\" height=\"264\" srcset=\"https:\/\/www.sigre.es\/boletin\/wp-content\/uploads\/2016\/11\/premios2.jpg 650w, https:\/\/www.sigre.es\/boletin\/wp-content\/uploads\/2016\/11\/premios2-300x198.jpg 300w\" sizes=\"auto, (max-width: 400px) 100vw, 400px\" \/><\/a><\/p>\n<p class=\"p10\" style=\"text-align: center;\"><span class=\"s1\" style=\"color: #808080; font-size: 12px;\">Ignacio Vil\u00e0, Director Industrial de Laboratorio REIG JOFRE, con el premio entregado por M\u00aa Jos\u00e9 Delgado Alfaro, Subdirectora General de Residuos del MAPAMA.<\/span><\/p>\n<ul>\n<li class=\"li8\"><span class=\"s1\"><b>\u201c<i>Mejor iniciativa medioambiental\u201d:<\/i> ESTEVE, <\/b>por su compromiso en la lucha contra el cambio clim\u00e1tico y su apuesta por las energ\u00edas renovables, cuyo mejor ejemplo es la planta fotovoltaica instalada en su factor\u00eda de Martorelles, la mayor planta solar de Catalu\u00f1a y la segunda m\u00e1s grande de Espa\u00f1a para autoconsumo.<\/span><\/li>\n<\/ul>\n<p style=\"text-align: center;\"><a href=\"https:\/\/www.sigre.es\/boletin\/wp-content\/uploads\/2016\/11\/premios3.jpg\"><img loading=\"lazy\" decoding=\"async\" class=\"alignnone wp-image-3104\" src=\"https:\/\/www.sigre.es\/boletin\/wp-content\/uploads\/2016\/11\/premios3.jpg\" alt=\"15\u00ba Aniversario de los Puntos SIGRE. Ministerio de Medio Ambiente. Foto: D. Sinova\" width=\"400\" height=\"281\" srcset=\"https:\/\/www.sigre.es\/boletin\/wp-content\/uploads\/2016\/11\/premios3.jpg 650w, https:\/\/www.sigre.es\/boletin\/wp-content\/uploads\/2016\/11\/premios3-300x211.jpg 300w\" sizes=\"auto, (max-width: 400px) 100vw, 400px\" \/><\/a><\/p>\n<p class=\"p12\" style=\"text-align: center;\"><span class=\"s1\" style=\"color: #808080; font-size: 12px;\">Eugeni Sedano Monasterio, Director de Relaciones Institucionales de ESTEVE, a la derecha, recibe el premio entregado por Humberto Arn\u00e9s, Presidente de SIGRE y Director General de Farmaindustria.<\/span><\/p>\n<ul>\n<li class=\"li8\"><span class=\"s1\"><b>\u201c<i>Mejor acci\u00f3n de comunicaci\u00f3n\u201d: <\/i>ARKOPHARMA, <\/b>por su campa\u00f1a \u201c<i>Cierra el c\u00edrculo\u201d, <\/i>desarrollada en Redes Sociales y cuyo prop\u00f3sito es promover h\u00e1bitos saludables y ecol\u00f3gicos en el uso de los medicamentos, haciendo especial hincapi\u00e9 en la necesidad de reciclar correctamente sus envases y residuos para cerrar adecuadamente ese c\u00edrculo.<\/span><\/li>\n<\/ul>\n<p style=\"text-align: center;\"><a href=\"https:\/\/www.sigre.es\/boletin\/wp-content\/uploads\/2016\/11\/premios4.jpg\"><img loading=\"lazy\" decoding=\"async\" class=\"aligncenter wp-image-3105\" src=\"https:\/\/www.sigre.es\/boletin\/wp-content\/uploads\/2016\/11\/premios4.jpg\" alt=\"15\u00ba Aniversario de los Puntos SIGRE. Ministerio de Medio Ambiente. Foto: D. Sinova\" width=\"400\" height=\"284\" srcset=\"https:\/\/www.sigre.es\/boletin\/wp-content\/uploads\/2016\/11\/premios4.jpg 650w, https:\/\/www.sigre.es\/boletin\/wp-content\/uploads\/2016\/11\/premios4-300x213.jpg 300w\" sizes=\"auto, (max-width: 400px) 100vw, 400px\" \/><\/a><\/p>\n<p class=\"p14\" style=\"text-align: center;\"><span class=\"s1\" style=\"color: #808080; font-size: 12px;\">M\u00aa Luz Garc\u00eda Toro, Directora de Comunicaci\u00f3n de ARKOPHARMA, a la derecha en la fotograf\u00eda, recoge el premio entregado por M\u00aa. Jos\u00e9 Delgado Alfaro, Subdirectora General de Residuos del MAPAMA.<\/span><\/p>\n<p class=\"p4\"><span class=\"s1\"><b>Premios a la oficina de farmacia<\/b><\/span><\/p>\n<p class=\"p4\"><span class=\"s1\">En los premios a farmac\u00e9uticos que ejercen su profesi\u00f3n en oficina de farmacia, los ganadores fueron:<\/span><\/p>\n<ul>\n<li class=\"li8\"><span class=\"s1\"><b><i>\u201cMejor iniciativa medioambiental\u201d:<\/i> Farmacia Benij\u00f3far<\/b>, de Benij\u00f3far (Alicante), de las Licenciadas Salud Bueno y Beatriz Gea, por los continuos esfuerzos en materia de gesti\u00f3n de residuos, de gesti\u00f3n energ\u00e9tica y en el uso de materiales ecol\u00f3gicos, entre otras iniciativas, que llevan a cabo en la farmacia para proteger el medio ambiente.<\/span><\/li>\n<\/ul>\n<p style=\"text-align: center;\"><a href=\"https:\/\/www.sigre.es\/boletin\/wp-content\/uploads\/2016\/11\/premios5.jpg\"><img loading=\"lazy\" decoding=\"async\" class=\"aligncenter wp-image-3106\" src=\"https:\/\/www.sigre.es\/boletin\/wp-content\/uploads\/2016\/11\/premios5.jpg\" alt=\"15\u00ba Aniversario de los Puntos SIGRE. Ministerio de Medio Ambiente. Foto: D. Sinova\" width=\"400\" height=\"262\" srcset=\"https:\/\/www.sigre.es\/boletin\/wp-content\/uploads\/2016\/11\/premios5.jpg 650w, https:\/\/www.sigre.es\/boletin\/wp-content\/uploads\/2016\/11\/premios5-300x196.jpg 300w\" sizes=\"auto, (max-width: 400px) 100vw, 400px\" \/><\/a><\/p>\n<p class=\"p16\" style=\"text-align: center;\"><span class=\"s1\" style=\"color: #808080; font-size: 12px;\">Salud Bueno, con el galard\u00f3n, junto a C\u00e9sar Nombela, Rector de la Universidad Internacional Men\u00e9ndez Pelayo (UIMP)<\/span><\/p>\n<ul>\n<li class=\"li8\"><span class=\"s1\"><b><i>\u201cMejor acci\u00f3n de comunicaci\u00f3n\u201d: <\/i>Farmacia Mar\u00eda Dolores Burillo Camarero,<\/b> de Zaragoza, por su campa\u00f1a de concienciaci\u00f3n para unir los esfuerzos de farmac\u00e9uticos, clientes, familiares, empleados y amigos en la tarea de cuidar su entorno m\u00e1s cercano y fomentar el reciclado, en general, y el de los envases y restos de medicamentos, en particular.<\/span><\/li>\n<\/ul>\n<p style=\"text-align: center;\"><a href=\"https:\/\/www.sigre.es\/boletin\/wp-content\/uploads\/2016\/11\/premios6.jpg\"><img loading=\"lazy\" decoding=\"async\" class=\"alignnone wp-image-3108\" src=\"https:\/\/www.sigre.es\/boletin\/wp-content\/uploads\/2016\/11\/premios6.jpg\" alt=\"15\u00ba Aniversario de los Puntos SIGRE. Ministerio de Medio Ambiente. Foto: D. Sinova\" width=\"400\" height=\"268\" srcset=\"https:\/\/www.sigre.es\/boletin\/wp-content\/uploads\/2016\/11\/premios6.jpg 650w, https:\/\/www.sigre.es\/boletin\/wp-content\/uploads\/2016\/11\/premios6-300x201.jpg 300w\" sizes=\"auto, (max-width: 400px) 100vw, 400px\" \/><\/a><\/p>\n<p class=\"p14\" style=\"text-align: center;\"><span class=\"s1\" style=\"color: #808080; font-size: 12px;\">M\u00aa Dolores Burillo Camarero, con el galard\u00f3n entregado por C\u00e9sar Nombela, Rector de la Universidad Internacional Men\u00e9ndez Pelayo (UIMP)<\/span><\/p>\n<p class=\"p4\"><span class=\"s1\"><b>Premios a la distribuci\u00f3n farmac\u00e9utica<\/b><\/span><\/p>\n<p class=\"p4\"><span class=\"s1\">En los premios a las empresas de distribuci\u00f3n farmac\u00e9utica, los premiados fueron:<\/span><\/p>\n<ul>\n<li class=\"li4\"><span class=\"s1\"><b><i>\u201cMejor iniciativa medioambiental\u201d<\/i>: Grupo HEFAME<\/b> por su <i>\u201cProyecto Medicool\u201d,<\/i> que emplea un sistema de captaci\u00f3n solar en la cubierta de sus instalaciones, para responder de la forma m\u00e1s sostenible a los requisitos de temperatura que debe cumplir un almac\u00e9n de medicamentos.<\/span><\/li>\n<\/ul>\n<p style=\"text-align: center;\"><a href=\"https:\/\/www.sigre.es\/boletin\/wp-content\/uploads\/2016\/11\/premios7.jpg\"><img loading=\"lazy\" decoding=\"async\" class=\"aligncenter wp-image-3110\" src=\"https:\/\/www.sigre.es\/boletin\/wp-content\/uploads\/2016\/11\/premios7.jpg\" alt=\"15\u00ba Aniversario de los Puntos SIGRE. Ministerio de Medio Ambiente. Foto: D. Sinova\" width=\"400\" height=\"282\" srcset=\"https:\/\/www.sigre.es\/boletin\/wp-content\/uploads\/2016\/11\/premios7.jpg 650w, https:\/\/www.sigre.es\/boletin\/wp-content\/uploads\/2016\/11\/premios7-300x212.jpg 300w\" sizes=\"auto, (max-width: 400px) 100vw, 400px\" \/><\/a><\/p>\n<p class=\"p19\" style=\"text-align: center;\"><span class=\"s1\" style=\"color: #808080; font-size: 12px;\">Ana Oliver Sanju\u00e1n, Consejera del Grupo HEFAME, a la derecha en la fotograf\u00eda, recoge el premio entregado por M\u00aa Jos\u00e9 Delgado Alfaro, Subdirectora General de Residuos del MAPAMA.<\/span><\/p>\n<ul>\n<li class=\"li4\"><span class=\"s1\"><i>\u201c<\/i><b><i>Mejor acci\u00f3n en la log\u00edstica de recogida de envases y residuos de medicamentos\u201d<\/i>: CECOFAR<\/b>, por su iniciativa de concentrar, en la provincia de C\u00f3rdoba, el transporte inverso aplicado a la recogida de las devoluciones y de los residuos depositados por el ciudadano en el Punto SIGRE de la farmacia al turno de ma\u00f1ana, en el que los veh\u00edculos regresan al almac\u00e9n a por nuevos medicamentos, elimin\u00e1ndolo del turno de tarde, con el consiguiente ahorro de gasoil y de emisiones de CO<\/span><span class=\"s3\">2<\/span><span class=\"s1\">.<\/span><\/li>\n<\/ul>\n<p style=\"text-align: center;\"><a href=\"https:\/\/www.sigre.es\/boletin\/wp-content\/uploads\/2016\/11\/premios8.jpg\"><img loading=\"lazy\" decoding=\"async\" class=\"aligncenter wp-image-3111\" src=\"https:\/\/www.sigre.es\/boletin\/wp-content\/uploads\/2016\/11\/premios8.jpg\" alt=\"15\u00ba Aniversario de los Puntos SIGRE. Ministerio de Medio Ambiente. Foto: D. Sinova\" width=\"400\" height=\"260\" srcset=\"https:\/\/www.sigre.es\/boletin\/wp-content\/uploads\/2016\/11\/premios8.jpg 650w, https:\/\/www.sigre.es\/boletin\/wp-content\/uploads\/2016\/11\/premios8-300x195.jpg 300w\" sizes=\"auto, (max-width: 400px) 100vw, 400px\" \/><\/a><\/p>\n<p class=\"p16\" style=\"text-align: center;\"><span class=\"s1\" style=\"color: #808080; font-size: 12px;\">Antonio P\u00e9rez Ostos, Presidente de CECOFAR, a la derecha, recibe el premio entregado por C\u00e9sar Nombela, Rector de la Universidad Internacional Men\u00e9ndez Pelayo.<\/span><\/p>\n<p class=\"p14\"><span class=\"s1\"><b>Premios a las instituciones farmac\u00e9uticas<\/b><\/span><\/p>\n<p class=\"p4\"><span class=\"s1\">Los premiados en las dos categor\u00edas convocadas en esta secci\u00f3n han sido:<\/span><\/p>\n<ul>\n<li class=\"li8\"><span class=\"s1\"><b><i>\u201cMejor iniciativa medioambiental\u201d<\/i>: Colegio Oficial de Farmac\u00e9uticos de Ourense<\/b>,<b> <\/b>por la campa\u00f1a realizada en colaboraci\u00f3n con el Servicio Gallego de Salud para reforzar el reciclaje de los medicamentos que ya no se necesitan o han caducado, entre todos los estamentos y profesionales relacionados con su prescripci\u00f3n, dispensaci\u00f3n y administraci\u00f3n.<\/span><\/li>\n<\/ul>\n<p style=\"text-align: center;\"><a href=\"https:\/\/www.sigre.es\/boletin\/wp-content\/uploads\/2016\/11\/premios9.jpg\"><img loading=\"lazy\" decoding=\"async\" class=\"alignnone wp-image-3112\" src=\"https:\/\/www.sigre.es\/boletin\/wp-content\/uploads\/2016\/11\/premios9.jpg\" alt=\"15\u00ba Aniversario de los Puntos SIGRE. Ministerio de Medio Ambiente. Foto: D. Sinova\" width=\"400\" height=\"282\" srcset=\"https:\/\/www.sigre.es\/boletin\/wp-content\/uploads\/2016\/11\/premios9.jpg 650w, https:\/\/www.sigre.es\/boletin\/wp-content\/uploads\/2016\/11\/premios9-300x211.jpg 300w\" sizes=\"auto, (max-width: 400px) 100vw, 400px\" \/><\/a><\/p>\n<p class=\"p16\" style=\"text-align: center;\"><span class=\"s1\" style=\"color: #808080; font-size: 12px;\">Vicente Jairo \u00c1lvarez, Presidente del COF de Ourense, a la derecha, recoge el premio entregado por Humberto Arn\u00e9s, Presidente de SIGRE y Director General de Farmaindustria.<\/span><\/p>\n<ul>\n<li class=\"li8\"><span class=\"s1\"><b><i>\u201cMejor acci\u00f3n de comunicaci\u00f3n\u201d:<\/i> Colegio Oficial de Farmac\u00e9uticos de M\u00e1laga<\/b>, por las iniciativas realizadas en materia de responsabilidad social, entre las que destacan: la centralizaci\u00f3n en el Colegio de la recogida de residuos de formulaci\u00f3n, el convenio para la recogida selectiva de pilas y la colaboraci\u00f3n en las campa\u00f1as de recogidas de radiograf\u00edas inservibles con Farmac\u00e9uticos Sin Fronteras.<\/span><\/li>\n<\/ul>\n<p style=\"text-align: center;\"><a href=\"https:\/\/www.sigre.es\/boletin\/wp-content\/uploads\/2016\/11\/premios10.jpg\"><img loading=\"lazy\" decoding=\"async\" class=\"aligncenter wp-image-3114\" src=\"https:\/\/www.sigre.es\/boletin\/wp-content\/uploads\/2016\/11\/premios10.jpg\" alt=\"15\u00ba Aniversario de los Puntos SIGRE. Ministerio de Medio Ambiente. Foto: D. Sinova\" width=\"400\" height=\"252\" srcset=\"https:\/\/www.sigre.es\/boletin\/wp-content\/uploads\/2016\/11\/premios10.jpg 650w, https:\/\/www.sigre.es\/boletin\/wp-content\/uploads\/2016\/11\/premios10-300x189.jpg 300w\" sizes=\"auto, (max-width: 400px) 100vw, 400px\" \/><\/a><\/p>\n<p class=\"p14\" style=\"text-align: center;\"><span class=\"s1\" style=\"color: #808080; font-size: 12px;\">A la derecha, Francisco Florido, Presidente del COF de M\u00e1laga, recoge el premio entregado por Humberto Arn\u00e9s, Presidente de SIGRE y Director General de Farmaindustria.<\/span><\/p>\n","protected":false},"excerpt":{"rendered":"<p>Los galardones se entregaron a los agentes del sector durante el acto conmemorativo del 15\u00ba Aniversario de SIGRE. II Edici\u00f3n de los Premios Medicamento y Medio Ambiente SIGRE ha hecho entrega de los galardones de la II edici\u00f3n de los Premios Medicamento y Medio Ambiente, convocados para poner en valor el trabajo y las iniciativas [&hellip;]<\/p>\n","protected":false},"author":7,"featured_media":0,"parent":2981,"menu_order":288,"comment_status":"closed","ping_status":"closed","template":"articulo1.php","meta":{"footnotes":""},"class_list":["post-3099","page","type-page","status-publish","hentry"],"_links":{"self":[{"href":"https:\/\/www.sigre.es\/boletin\/wp-json\/wp\/v2\/pages\/3099","targetHints":{"allow":["GET"]}}],"collection":[{"href":"https:\/\/www.sigre.es\/boletin\/wp-json\/wp\/v2\/pages"}],"about":[{"href":"https:\/\/www.sigre.es\/boletin\/wp-json\/wp\/v2\/types\/page"}],"author":[{"embeddable":true,"href":"https:\/\/www.sigre.es\/boletin\/wp-json\/wp\/v2\/users\/7"}],"replies":[{"embeddable":true,"href":"https:\/\/www.sigre.es\/boletin\/wp-json\/wp\/v2\/comments?post=3099"}],"version-history":[{"count":0,"href":"https:\/\/www.sigre.es\/boletin\/wp-json\/wp\/v2\/pages\/3099\/revisions"}],"up":[{"embeddable":true,"href":"https:\/\/www.sigre.es\/boletin\/wp-json\/wp\/v2\/pages\/2981"}],"wp:attachment":[{"href":"https:\/\/www.sigre.es\/boletin\/wp-json\/wp\/v2\/media?parent=3099"}],"curies":[{"name":"wp","href":"https:\/\/api.w.org\/{rel}","templated":true}]}}