{"id":3078,"date":"2016-11-22T16:31:03","date_gmt":"2016-11-22T15:31:03","guid":{"rendered":"https:\/\/www.sigre.es\/boletin\/?page_id=3078"},"modified":"2016-11-24T16:20:18","modified_gmt":"2016-11-24T15:20:18","slug":"insignias","status":"publish","type":"page","link":"https:\/\/www.sigre.es\/boletin\/sigre-informa-especial-15-aniversario\/insignias\/","title":{"rendered":"INSIGNIAS"},"content":{"rendered":"<div id=\"fb-root\"><\/div>\n<p class=\"p1\"><span class=\"s1\">Con motivo del 15\u00ba aniversario de SIGRE, su Consejo de Administraci\u00f3n ha querido reconocer con las insignias de la entidad la labor de aquellas personas que m\u00e1s han contribuido al desarrollo y consolidaci\u00f3n de esta iniciativa medioambiental y sanitaria del sector farmac\u00e9utico.<\/span><\/p>\n<p class=\"p2\"><span class=\"s1\">Las insignias se entregaron durante el transcurso del acto conmemorativo del 15 aniversario de SIGRE, que se celebr\u00f3 el 3 de noviembre en el Ministerio de Agricultura y Pesca, Alimentaci\u00f3n y Medio Ambiente (MAPAMA). <\/span><\/p>\n<p class=\"p2\"><span class=\"s1\">La ceremonia estuvo presidida por el Secretario de Estado de Medio Ambiente, Pablo Saavedra, quien estuvo acompa\u00f1ado por el Presidente de SIGRE, Humberto Arn\u00e9s, adem\u00e1s de por una nutrida representaci\u00f3n de personalidades del sector farmac\u00e9utico y de instituciones relacionadas con el medio ambiente y la sanidad. <span class=\"Apple-converted-space\">\u00a0 \u00a0<\/span><\/span><\/p>\n<p class=\"p3\"><span class=\"s1\"><b>Insignias Conmemorativas<\/b><\/span><\/p>\n<p class=\"p2\"><span class=\"s1\">En esta ocasi\u00f3n, las insignias concedidas por el Consejo de Administraci\u00f3n de SIGRE han sido para <b>Carmen Pe\u00f1a<\/b> quien, primero como Secretaria General y despu\u00e9s como Presidenta del Consejo General de Colegios Oficiales de Farmac\u00e9uticos, realiz\u00f3 un destacado esfuerzo en la implantaci\u00f3n de los Puntos SIGRE y sent\u00f3 las bases del modelo de funcionamiento de SIGRE, en el que la farmacia y los farmac\u00e9uticos son uno de sus pilares. Este modelo, transcurridos 15 a\u00f1os, se ha constatado que es el m\u00e1s eficaz y eficiente en materia medioambiental y socio-sanitaria.\u00a0<\/span><\/p>\n<p class=\"p2\"><span class=\"s1\">Sus actuales obligaciones como Presidenta de la Federaci\u00f3n Internacional Farmac\u00e9utica (FIP) no le permitieron asistir a recoger la insignia conmemorativa y, a trav\u00e9s de un <a href=\"https:\/\/www.youtube.com\/watch?v=_mDGyRV7xjA\" target=\"_blank\">v\u00eddeo<\/a>, envi\u00f3 su mensaje de agradecimiento y de \u00e1nimo a los asistentes para seguir trabajando en este campo.\u00a0<\/span><\/p>\n<p class=\"p5\" style=\"text-align: center;\"><a href=\"https:\/\/www.sigre.es\/boletin\/wp-content\/uploads\/2016\/11\/insignia1.jpg\"><img loading=\"lazy\" decoding=\"async\" class=\"aligncenter wp-image-3081\" src=\"https:\/\/www.sigre.es\/boletin\/wp-content\/uploads\/2016\/11\/insignia1.jpg\" alt=\"insignia1\" width=\"400\" height=\"266\" srcset=\"https:\/\/www.sigre.es\/boletin\/wp-content\/uploads\/2016\/11\/insignia1.jpg 644w, https:\/\/www.sigre.es\/boletin\/wp-content\/uploads\/2016\/11\/insignia1-300x199.jpg 300w\" sizes=\"auto, (max-width: 400px) 100vw, 400px\" \/><\/a><\/p>\n<p class=\"p5\" style=\"text-align: center;\"><span class=\"s1\" style=\"color: #808080; font-size: 12px;\">Pie de foto: Carmen Pe\u00f1a, Presidenta de la Federaci\u00f3n Internacional de Farmac\u00e9uticos (FIP). <\/span><\/p>\n<p class=\"p7\"><span class=\"s1\"><b>Jordi Dalmases<\/b> ha sido otro de los galardonados con la insignia de SIGRE. Como Presidente de la Federaci\u00f3n de Distribuidores Farmac\u00e9uticos (FEDIFAR) se implic\u00f3 de manera decidida en la implantaci\u00f3n del modelo de log\u00edstica inversa del Sistema, poniendo a disposici\u00f3n de SIGRE los medios humanos y t\u00e9cnicos de la distribuci\u00f3n para contribuir, de la manera m\u00e1s eficiente, a la recogida de los envases y los residuos de medicamentos de origen domiciliario..<\/span><\/p>\n<p style=\"text-align: center;\"><a href=\"https:\/\/www.sigre.es\/boletin\/wp-content\/uploads\/2016\/11\/insignia2B.jpg\"><img loading=\"lazy\" decoding=\"async\" class=\"aligncenter wp-image-3209\" src=\"https:\/\/www.sigre.es\/boletin\/wp-content\/uploads\/2016\/11\/insignia2B.jpg\" alt=\"15\u00ba Aniversario de los Puntos SIGRE. Ministerio de Medio Ambiente. Foto: D. Sinova\" width=\"400\" height=\"266\" srcset=\"https:\/\/www.sigre.es\/boletin\/wp-content\/uploads\/2016\/11\/insignia2B.jpg 650w, https:\/\/www.sigre.es\/boletin\/wp-content\/uploads\/2016\/11\/insignia2B-300x200.jpg 300w\" sizes=\"auto, (max-width: 400px) 100vw, 400px\" \/><\/a><\/p>\n<p class=\"p5\" style=\"text-align: center;\"><span class=\"s1\" style=\"color: #808080; font-size: 12px;\">Pie de foto: A la derecha, Jordi Dalmases, Presidente del Col\u00b7legi de Farmac\u00e8utics de Barcelona, quien recibe la insignia de SIGRE de la mano de Pablo Saavedra, Secretario de Estado de Medio Ambiente, situado a la izquierda.<\/span><\/p>\n<p class=\"p7\"><span class=\"s1\">La tercera insignia concedida ha sido para <b>Rafael Garc\u00eda<\/b> quien, como Director General de la Asociaci\u00f3n para el Autocuidado de la Salud (ANEFP), mantuvo desde las primeras etapas de SIGRE un firme apoyo y esp\u00edritu colaborador para el desarrollo de esta iniciativa, lo que ha supuesto una demostraci\u00f3n de que una industria socialmente responsable, como la farmac\u00e9utica, debe dar respuesta a las necesidades de sus grupos de inter\u00e9s en todos los \u00e1mbitos, incluido el ambiental.<\/span><\/p>\n<p style=\"text-align: center;\"><strong><a href=\"https:\/\/www.sigre.es\/boletin\/wp-content\/uploads\/2016\/11\/insignia3.jpg\"><img loading=\"lazy\" decoding=\"async\" class=\"aligncenter wp-image-3083\" src=\"https:\/\/www.sigre.es\/boletin\/wp-content\/uploads\/2016\/11\/insignia3.jpg\" alt=\"15\u00ba Aniversario de los Puntos SIGRE. Ministerio de Medio Ambiente. Foto: D. Sinova\" width=\"400\" height=\"275\" srcset=\"https:\/\/www.sigre.es\/boletin\/wp-content\/uploads\/2016\/11\/insignia3.jpg 650w, https:\/\/www.sigre.es\/boletin\/wp-content\/uploads\/2016\/11\/insignia3-300x206.jpg 300w\" sizes=\"auto, (max-width: 400px) 100vw, 400px\" \/><\/a><\/strong><\/p>\n<p class=\"p1\" style=\"text-align: center;\"><span class=\"s1\" style=\"color: #808080; font-size: 12px;\">Pie de foto: A la derecha, Rafael Garc\u00eda, Presidente de la Fundaci\u00f3n para la Promoci\u00f3n de la Salud y el Bienestar (FunSalud), junto a Pablo Saavedra, Secretario de Estado de Medio Ambiente.<\/span><\/p>\n","protected":false},"excerpt":{"rendered":"<p>Con motivo del 15\u00ba aniversario de SIGRE, su Consejo de Administraci\u00f3n ha querido reconocer con las insignias de la entidad la labor de aquellas personas que m\u00e1s han contribuido al desarrollo y consolidaci\u00f3n de esta iniciativa medioambiental y sanitaria del sector farmac\u00e9utico. Las insignias se entregaron durante el transcurso del acto conmemorativo del 15 aniversario [&hellip;]<\/p>\n","protected":false},"author":7,"featured_media":0,"parent":2981,"menu_order":286,"comment_status":"closed","ping_status":"closed","template":"articulo1.php","meta":{"footnotes":""},"class_list":["post-3078","page","type-page","status-publish","hentry"],"_links":{"self":[{"href":"https:\/\/www.sigre.es\/boletin\/wp-json\/wp\/v2\/pages\/3078","targetHints":{"allow":["GET"]}}],"collection":[{"href":"https:\/\/www.sigre.es\/boletin\/wp-json\/wp\/v2\/pages"}],"about":[{"href":"https:\/\/www.sigre.es\/boletin\/wp-json\/wp\/v2\/types\/page"}],"author":[{"embeddable":true,"href":"https:\/\/www.sigre.es\/boletin\/wp-json\/wp\/v2\/users\/7"}],"replies":[{"embeddable":true,"href":"https:\/\/www.sigre.es\/boletin\/wp-json\/wp\/v2\/comments?post=3078"}],"version-history":[{"count":0,"href":"https:\/\/www.sigre.es\/boletin\/wp-json\/wp\/v2\/pages\/3078\/revisions"}],"up":[{"embeddable":true,"href":"https:\/\/www.sigre.es\/boletin\/wp-json\/wp\/v2\/pages\/2981"}],"wp:attachment":[{"href":"https:\/\/www.sigre.es\/boletin\/wp-json\/wp\/v2\/media?parent=3078"}],"curies":[{"name":"wp","href":"https:\/\/api.w.org\/{rel}","templated":true}]}}